{"id":52,"date":"2020-03-11T20:06:04","date_gmt":"2020-03-11T20:06:04","guid":{"rendered":"https:\/\/tschechinatorin.de\/?page_id=52"},"modified":"2024-04-28T07:09:32","modified_gmt":"2024-04-28T07:09:32","slug":"kurse","status":"publish","type":"page","link":"https:\/\/tschechinatorin.de\/index.php\/kurse\/","title":{"rendered":"Kurse"},"content":{"rendered":"\n<h3 class=\"wp-block-heading has-text-align-center has-text-color\" style=\"color:#b71f3b\"><strong>Wollen Sie Tschechisch sprechen?<\/strong> <\/h3>\n\n\n\n<p class=\"has-text-align-center has-text-color\" style=\"color:#7a5148\">Sch\u00f6n, denn circa 11 Mio. Ihrer Nachbarn sprechen die tschechische Sprache.<br>Haben Sie auch schon geh\u00f6rt: \u201eTschechisch ist so schwierig\u201c? Lassen Sie sich doch durch dieses Klischee nicht entmutigen! <strong>Noch nie ist ein Meister vom Himmel gefallen!<\/strong> Und so schwierig, wie man sagt, ist Tschechisch auch wieder nicht! Ganz im Gegenteil! Es kann sogar Spa\u00df und Freude machen!<br><\/p>\n\n\n\n<h3 class=\"wp-block-heading has-text-align-center has-text-color\" style=\"color:#b71f3b\">Deutsch &amp; Tschechisch als Fremdprache <\/h3>\n\n\n\n<h5 class=\"wp-block-heading has-text-align-center has-text-color\" style=\"color:#7a5148\">F\u00fcr Unternehmen oder Privatpersonen<\/h5>\n\n\n\n<h3 class=\"wp-block-heading has-text-align-center has-text-color\" style=\"color:#b71f3b\">Grundbausteine unseres SPRACHTRAININGS<\/h3>\n\n\n\n<p class=\"has-text-align-center has-text-color\" style=\"color:#7a5148\"><strong>\u2022 Unterricht in kleinen Gruppen<br>\u2022 praktische Konversation<br>\u2022 zum Erfolg durch praxisnahe \u00dcbungen<br>\u2022 Darstellen der Situationen aus dem Leben<br>\u2022 interkulturelle Besonderheiten<br>\u2022 Raum f\u00fcr individuelle Bed\u00fcrfnisse der Teilnehmer<br>\u2022 Tipps und Tricks f\u00fcrs Lernen<br>\u2022 Ged\u00e4chtnistraining<\/strong><\/p>\n\n\n\n<div class=\"wp-block-group\"><div class=\"wp-block-group__inner-container is-layout-constrained wp-block-group-is-layout-constrained\">\n<p class=\"has-text-align-center has-text-color\" style=\"color:#7a5148\">Kurse k\u00f6nnen an verschiedene Sprachniveaus angepasst werden.<br>Ein Einstieg nach dem Kursbeginn ist meistens m\u00f6glich.<br>Im Sprachtraining fokussieren wir uns auf Konversationen in vielen praktischen Situationen. <br>Ihre W\u00fcnsche werden gerne ber\u00fccksichtigt \u2013 neue Themen und Ihre Ideen sind willkommen.<br><br><strong>Privatpersonen:<\/strong> Fragen Sie nach, wann und wo der n\u00e4chste Kurs stattfindet.<\/p>\n\n\n\n<div class=\"wp-block-group\"><div class=\"wp-block-group__inner-container is-layout-constrained wp-block-group-is-layout-constrained\">\n<p class=\"has-text-align-center has-text-color\" style=\"color:#7a5148\"><strong>Unternehmen:  <\/strong>Senden Sie bitte eine Kooperationsanfrage an:<\/p>\n<\/div><\/div>\n<\/div><\/div>\n\n\n\n<p class=\"has-text-align-center has-text-color\" style=\"color:#7a5148;font-size:23px\"><strong> <a href=\"mailto:sabina.pappenberger@gmail.com\">sabina.pappenberger@gmail.com<\/a><\/strong><\/p>\n\n\n\n<p class=\"has-text-align-center has-text-color\" style=\"color:#7a5148\"><strong>Firmen und Institutionen<\/strong> biete ich vorab ein unverbindliches VideoCall, in dem wir \u00fcber <strong>Ihre Ziele<\/strong> und <strong>Probleme<\/strong> sprechen k\u00f6nnen. Ich erstelle ein<strong> Ma\u00dfgeschneidertes Lernprogramm<\/strong> f\u00fcr <strong>Ihre Mitarbeiter<\/strong>.<br><\/p>\n\n\n\n<p class=\"has-text-align-center has-text-color\" style=\"color:#7a5148\"><\/p>\n\n\n\n<p class=\"has-text-align-center has-text-color\" style=\"color:#b71f3b\"><em>Herzlich Willkommen! \u2013 V\u00edt\u00e1me V\u00e1s! [wietaame waas]<br>Guten Tag! \u2013 Dobr\u00fd den! [dobrie den]<br>Dankesch\u00f6n \u2013 D\u011bkuji [djekuji]<br>Bitte \u2013 Pros\u00edm [prosiem]<br>Auf Wiedersehen! \u2013 Na shledanou [nas-chledanou]<br>Viel Spa\u00df! &#8211; M\u011bjte se hezky! [mjejte se heski] (Pl.)<\/em><\/p>\n\n\n\n<p><\/p>\n\n\n\n<p class=\"has-text-align-center has-text-color\" style=\"color:#7a5148\"><strong> \u201eIst Tschechisch wirklich so schwierig?\u201c<\/strong> und<strong> \u201eWarum sieht die tschechische Sprache auf den ersten Blick so kompliziert aus?\u201c&#8230; <\/strong>Antworten finden Sie in meinem Artikel:<\/p>\n\n\n\n<p class=\"has-text-align-center has-text-color\" style=\"color:#7a5148\"><strong><a href=\"https:\/\/tschechinatorin.de\/index.php\/tschechisch-und-seine-sprachlichen-besonderheiten\/\" data-type=\"URL\" data-id=\"https:\/\/tschechinatorin.de\/index.php\/tschechisch-und-seine-sprachlichen-besonderheiten\/\">Das Tschechische und seine sprachlichen Besonderheiten<\/a><\/strong><br><\/p>\n\n\n\n<p class=\"has-text-align-center has-text-color\" style=\"color:#b71f3b\"><a href=\"https:\/\/czusammen.de\/?p=11\" target=\"_blank\" rel=\"noreferrer noopener\" aria-label=\"Kennen Sie schon unser neues zweisprachiges Buch\nWeibersturm und M\u00e4nnerhagel \u2013 Pobou\u0159en\u00e9 b\u00e1by a chlapi jako kroupy? (\u00f6ffnet in neuem Tab)\"><strong>Kennen Sie schon unser neues zweisprachiges Buch<\/strong><br><strong>Weibersturm und M\u00e4nnerhagel \u2013 Pobou\u0159en\u00e9 b\u00e1by a chlapi jako kroupy?<\/strong><\/a><\/p>\n\n\n\n<p class=\"has-text-align-center has-small-font-size\"><a href=\"https:\/\/tschechinatorin.de\/index.php\/datenschutz\/\" target=\"_blank\" rel=\"noreferrer noopener\">Datenschutzerkl\u00e4rung<\/a><\/p>\n","protected":false},"excerpt":{"rendered":"<p>Wollen Sie Tschechisch sprechen? Sch\u00f6n, denn circa 11 Mio. Ihrer Nachbarn sprechen die tschechische Sprache.Haben &hellip; <\/p>\n","protected":false},"author":1,"featured_media":53,"parent":0,"menu_order":0,"comment_status":"closed","ping_status":"closed","template":"","meta":{"footnotes":""},"_links":{"self":[{"href":"https:\/\/tschechinatorin.de\/index.php\/wp-json\/wp\/v2\/pages\/52"}],"collection":[{"href":"https:\/\/tschechinatorin.de\/index.php\/wp-json\/wp\/v2\/pages"}],"about":[{"href":"https:\/\/tschechinatorin.de\/index.php\/wp-json\/wp\/v2\/types\/page"}],"author":[{"embeddable":true,"href":"https:\/\/tschechinatorin.de\/index.php\/wp-json\/wp\/v2\/users\/1"}],"replies":[{"embeddable":true,"href":"https:\/\/tschechinatorin.de\/index.php\/wp-json\/wp\/v2\/comments?post=52"}],"version-history":[{"count":30,"href":"https:\/\/tschechinatorin.de\/index.php\/wp-json\/wp\/v2\/pages\/52\/revisions"}],"predecessor-version":[{"id":470,"href":"https:\/\/tschechinatorin.de\/index.php\/wp-json\/wp\/v2\/pages\/52\/revisions\/470"}],"wp:featuredmedia":[{"embeddable":true,"href":"https:\/\/tschechinatorin.de\/index.php\/wp-json\/wp\/v2\/media\/53"}],"wp:attachment":[{"href":"https:\/\/tschechinatorin.de\/index.php\/wp-json\/wp\/v2\/media?parent=52"}],"curies":[{"name":"wp","href":"https:\/\/api.w.org\/{rel}","templated":true}]}}